{"id":251035,"date":"2024-12-21T10:27:53","date_gmt":"2024-12-21T10:27:53","guid":{"rendered":"https:\/\/qparadis.com\/?post_type=projectes&#038;p=251035"},"modified":"2024-12-21T11:11:01","modified_gmt":"2024-12-21T11:11:01","slug":"ampliacio-centre-comercial-gran-jonquera","status":"publish","type":"projectes","link":"https:\/\/qparadis.com\/es\/proyectos\/ampliacio-centre-comercial-gran-jonquera\/","title":{"rendered":"Ampliaci\u00f3 Centre Comercial Gran Jonquera"},"content":{"rendered":"<div class=\"gb-container gb-container-c769fa71\">\n<div class=\"gb-container gb-container-b8caf0f4\">\n<div class=\"gb-grid-wrapper gb-grid-wrapper-2788e637\">\n<div class=\"gb-grid-column gb-grid-column-5877a4b9\"><div class=\"gb-container gb-container-5877a4b9\">\n\n<h1 class=\"gb-headline gb-headline-f6baf11c gb-headline-text titol_blau\">Ampliaci\u00f3 del Centre Comercial Gran Jonquera<\/h1>\n\n\n\n<h5 class=\"gb-headline gb-headline-43fbe1ad gb-headline-text\"><strong>UBICACI\u00d3:<\/strong> La Jonquera<\/h5>\n\n\n\n<h5 class=\"gb-headline gb-headline-ec3cc959 gb-headline-text\"><strong>Superf\u00edcie: <\/strong>19.400 m\u00b2<\/h5>\n\n\n\n<h5 class=\"gb-headline gb-headline-cd63b77b gb-headline-text\"><strong>Durada: <\/strong>14 mesos<\/h5>\n\n<\/div><\/div>\n\n<div class=\"gb-grid-column gb-grid-column-a20e6d9c\"><div class=\"gb-container gb-container-a20e6d9c\">\n\n<p>QPARADIS ha completat amb \u00e8xit un impressionant projecte d\u2019ampliaci\u00f3 del Centre Comercial Gran Jonquera, <strong>dividit en 4 fases estrat\u00e8giques<\/strong> que han assegurat una execuci\u00f3 eficient i uns resultats excepcionals. <\/p>\n\n\n\n<ul class=\"wp-block-list\">\n<li><strong>1.300 m\u00b2 de coberta inclinada amb gespa artificial<\/strong><\/li>\n\n\n\n<li><strong>8.200 m\u00b2 de coberta transitable amb paviment gres<\/strong><\/li>\n\n\n\n<li><strong>6.600 m\u00b2 de coberta per a aparcaments exteriors<\/strong><\/li>\n\n\n\n<li><strong>3.300 m\u00b2 de zona de vianants perimetral<\/strong><\/li>\n<\/ul>\n\n\n\n<p>La divisi\u00f3 del proc\u00e9s constructiu en diferents fases, juntament amb una excel\u00b7lent coordinaci\u00f3 entre elles, ha estat clau per treballar de manera simult\u00e0nia amb altres empreses i optimitzar els terminis d&#8217;execuci\u00f3 de les obres. Adaptant-nos al ritme dels treballs d&#8217;estructura, des de QPARAD\u00cdS vam avan\u00e7ar en les tasques d&#8217;impermeabilitzaci\u00f3 i acabats exteriors. Aix\u00f2 va permetre iniciar immediatament els treballs de distribuci\u00f3 i acabats interiors un cop finalitzada l&#8217;estructura, garantint en tot moment est\u00e0ndards d&#8217;alta qualitat i durabilitat.<\/p>\n\n\n\n<h4 class=\"gb-headline gb-headline-dd6627b9 gb-headline-text\"><strong>El comprom\u00eds de QPARAD\u00cdS amb l\u2019excel\u00b7l\u00e8ncia<\/strong><\/h4>\n\n\n\n<p><strong>A QPARAD\u00cdS cuidem cada detall per oferir solucions a mida, duradores i eficients.<\/strong> Aquest projecte reafirma el nostre comprom\u00eds amb l\u2019excel\u00b7l\u00e8ncia i ens consolida com un referent en projectes d\u2019alta complexitat i qualitat. A continuaci\u00f3, podeu veure amb m\u00e9s detall el projecte.&nbsp;<\/p>\n\n<\/div><\/div>\n<\/div>\n<\/div>\n<\/div>\n\n<div class=\"gb-container gb-container-834f821b\">\n\n<figure class=\"wp-block-embed is-type-video is-provider-youtube wp-block-embed-youtube wp-embed-aspect-16-9 wp-has-aspect-ratio\"><div class=\"wp-block-embed__wrapper\">\n<iframe title=\"Ampliaci\u00f3 del Centre Comercial Gran Jonquera\" width=\"1200\" height=\"675\" src=\"https:\/\/www.youtube.com\/embed\/G5AhAv-S1nU?feature=oembed\" frameborder=\"0\" allow=\"accelerometer; autoplay; clipboard-write; encrypted-media; gyroscope; picture-in-picture; web-share\" referrerpolicy=\"strict-origin-when-cross-origin\" allowfullscreen><\/iframe>\n<\/div><\/figure>\n\n<\/div>\n\n<div class=\"gb-container gb-container-1d6f7150\">\n<div class=\"gb-container gb-container-bc959739\">\n<div class=\"gb-grid-wrapper gb-grid-wrapper-f501e52d\">\n<div class=\"gb-grid-column gb-grid-column-14176200\"><div class=\"gb-container gb-container-14176200 slide_portada dot_blau\">\n\n<div class=\"wp-block-tandem-lightbox-carousel diapositives\" data-slick=\"{&quot;adaptiveHeight&quot;:false,&quot;autoplay&quot;:true,&quot;autoplaySpeed&quot;:3500,&quot;arrows&quot;:false,&quot;centerMode&quot;:false,&quot;dots&quot;:true,&quot;infinite&quot;:true,&quot;pauseOnFocus&quot;:true,&quot;pauseOnHover&quot;:true,&quot;pauseOnDotsHover&quot;:true,&quot;slidesToShow&quot;:1,&quot;slidesToScroll&quot;:1,&quot;variableWidth&quot;:false}\">\n<a class=\"wp-block-tandem-lightbox-carousel-slide size-large\" href=\"https:\/\/qparadis.com\/wp-content\/uploads\/2024\/12\/QPARADIS-projecte-ampliacio-gran-jonquera-3.jpg\"><img decoding=\"async\" width=\"1024\" height=\"683\" src=\"https:\/\/qparadis.com\/wp-content\/uploads\/2024\/12\/QPARADIS-projecte-ampliacio-gran-jonquera-3-1024x683.jpg\" alt=\"\" class=\"wp-image-250968\" srcset=\"https:\/\/qparadis.com\/wp-content\/uploads\/2024\/12\/QPARADIS-projecte-ampliacio-gran-jonquera-3-1024x683.jpg 1024w, https:\/\/qparadis.com\/wp-content\/uploads\/2024\/12\/QPARADIS-projecte-ampliacio-gran-jonquera-3-300x200.jpg 300w, https:\/\/qparadis.com\/wp-content\/uploads\/2024\/12\/QPARADIS-projecte-ampliacio-gran-jonquera-3-768x512.jpg 768w, https:\/\/qparadis.com\/wp-content\/uploads\/2024\/12\/QPARADIS-projecte-ampliacio-gran-jonquera-3-18x12.jpg 18w, https:\/\/qparadis.com\/wp-content\/uploads\/2024\/12\/QPARADIS-projecte-ampliacio-gran-jonquera-3-1080x720.jpg 1080w, https:\/\/qparadis.com\/wp-content\/uploads\/2024\/12\/QPARADIS-projecte-ampliacio-gran-jonquera-3.jpg 1200w\" sizes=\"(max-width: 1024px) 100vw, 1024px\" \/><\/a>\n\n\n\n<a class=\"wp-block-tandem-lightbox-carousel-slide size-large\" href=\"https:\/\/qparadis.com\/wp-content\/uploads\/2024\/12\/QPARADIS-projecte-ampliacio-gran-jonquera-7.jpg\"><img decoding=\"async\" width=\"1024\" height=\"683\" src=\"https:\/\/qparadis.com\/wp-content\/uploads\/2024\/12\/QPARADIS-projecte-ampliacio-gran-jonquera-7-1024x683.jpg\" alt=\"\" class=\"wp-image-250972\" srcset=\"https:\/\/qparadis.com\/wp-content\/uploads\/2024\/12\/QPARADIS-projecte-ampliacio-gran-jonquera-7-1024x683.jpg 1024w, https:\/\/qparadis.com\/wp-content\/uploads\/2024\/12\/QPARADIS-projecte-ampliacio-gran-jonquera-7-300x200.jpg 300w, https:\/\/qparadis.com\/wp-content\/uploads\/2024\/12\/QPARADIS-projecte-ampliacio-gran-jonquera-7-768x512.jpg 768w, https:\/\/qparadis.com\/wp-content\/uploads\/2024\/12\/QPARADIS-projecte-ampliacio-gran-jonquera-7-18x12.jpg 18w, https:\/\/qparadis.com\/wp-content\/uploads\/2024\/12\/QPARADIS-projecte-ampliacio-gran-jonquera-7-1080x720.jpg 1080w, https:\/\/qparadis.com\/wp-content\/uploads\/2024\/12\/QPARADIS-projecte-ampliacio-gran-jonquera-7.jpg 1200w\" sizes=\"(max-width: 1024px) 100vw, 1024px\" \/><\/a>\n\n\n\n<a class=\"wp-block-tandem-lightbox-carousel-slide size-large\" href=\"https:\/\/qparadis.com\/wp-content\/uploads\/2024\/12\/QPARADIS-projecte-ampliacio-gran-jonquera-8.jpg\"><img decoding=\"async\" width=\"1024\" height=\"683\" src=\"https:\/\/qparadis.com\/wp-content\/uploads\/2024\/12\/QPARADIS-projecte-ampliacio-gran-jonquera-8-1024x683.jpg\" alt=\"\" class=\"wp-image-250973\" srcset=\"https:\/\/qparadis.com\/wp-content\/uploads\/2024\/12\/QPARADIS-projecte-ampliacio-gran-jonquera-8-1024x683.jpg 1024w, https:\/\/qparadis.com\/wp-content\/uploads\/2024\/12\/QPARADIS-projecte-ampliacio-gran-jonquera-8-300x200.jpg 300w, https:\/\/qparadis.com\/wp-content\/uploads\/2024\/12\/QPARADIS-projecte-ampliacio-gran-jonquera-8-768x512.jpg 768w, https:\/\/qparadis.com\/wp-content\/uploads\/2024\/12\/QPARADIS-projecte-ampliacio-gran-jonquera-8-18x12.jpg 18w, https:\/\/qparadis.com\/wp-content\/uploads\/2024\/12\/QPARADIS-projecte-ampliacio-gran-jonquera-8-1080x720.jpg 1080w, https:\/\/qparadis.com\/wp-content\/uploads\/2024\/12\/QPARADIS-projecte-ampliacio-gran-jonquera-8.jpg 1200w\" sizes=\"(max-width: 1024px) 100vw, 1024px\" \/><\/a>\n<\/div>\n\n<\/div><\/div>\n\n<div class=\"gb-grid-column gb-grid-column-16779c0f\"><div class=\"gb-container gb-container-16779c0f\">\n\n<h2 class=\"gb-headline gb-headline-bbc69ccc gb-headline-text\">Coberta inclinada amb acabat de gespa artificial<\/h2>\n\n\n\n<p class=\"gb-headline gb-headline-cb13158e gb-headline-text\">Superf\u00edcie 1.300 m\u00b2<\/p>\n\n\n\n<p class=\"gb-headline gb-headline-3e0feedf gb-headline-text\">Construcci\u00f3 amb <strong>barrera de vapor<\/strong>, <strong>a\u00efllament t\u00e8rmic<\/strong>, i <strong>impermeabilitzaci\u00f3 en dues capes de tela asf\u00e0ltica<\/strong> (acabament mineral antiarrels). L\u2019acabat final de <strong>gespa artificial<\/strong> combina durabilitat t\u00e8cnica i est\u00e8tica funcional.<\/p>\n\n\n\n<a href=\"\/es\/proyectos\/coberta-impermeabilitzada-acabat-gespa-artificial-la-jonquera\/\" class=\"boto_blau\">\n  <span>Veure projecte<\/span>\n<svg id=\"Layer_1\" data-name=\"Layer 1\" xmlns=\"http:\/\/www.w3.org\/2000\/svg\" viewbox=\"0 0 16 16\"><defs><style>.cls-1{fill-rule:evenodd}<\/style><\/defs><path class=\"cls-1\" d=\"M.5 8.5v-1h15v1z\"\/><path class=\"cls-1\" d=\"M8.5 15.5h-1V.5h1z\"\/><\/svg>\n<\/a>\n\n<\/div><\/div>\n<\/div>\n<\/div>\n<\/div>\n\n<div class=\"gb-container gb-container-822f1d94\">\n<div class=\"gb-container gb-container-ce95faf0\">\n<div class=\"gb-grid-wrapper gb-grid-wrapper-9d4d7431\">\n<div class=\"gb-grid-column gb-grid-column-71478ee4\"><div class=\"gb-container gb-container-71478ee4\">\n\n<h2 class=\"gb-headline gb-headline-0b2e71a4 gb-headline-text\">Coberta inclinada amb acabat de gespa artificial<\/h2>\n\n\n\n<p class=\"gb-headline gb-headline-ccf6197d gb-headline-text\">Superf\u00edcie 1.300 m\u00b2<\/p>\n\n\n\n<p class=\"gb-headline gb-headline-0c7118f2 gb-headline-text\">Construcci\u00f3 amb <strong>barrera de vapor<\/strong>, <strong>a\u00efllament t\u00e8rmic<\/strong>, i <strong>impermeabilitzaci\u00f3 en dues capes de tela asf\u00e0ltica<\/strong> (acabament mineral antiarrels). L\u2019acabat final de <strong>gespa artificial<\/strong> combina durabilitat t\u00e8cnica i est\u00e8tica funcional.<\/p>\n\n\n\n<a href=\"\/es\/proyectos\/coberta-impermeabilitzada-acabat-gespa-artificial-la-jonquera\/\" class=\"boto_blau\">\n  <span>Veure projecte<\/span>\n<svg id=\"Layer_1\" data-name=\"Layer 1\" xmlns=\"http:\/\/www.w3.org\/2000\/svg\" viewbox=\"0 0 16 16\"><defs><style>.cls-1{fill-rule:evenodd}<\/style><\/defs><path class=\"cls-1\" d=\"M.5 8.5v-1h15v1z\"\/><path class=\"cls-1\" d=\"M8.5 15.5h-1V.5h1z\"\/><\/svg>\n<\/a>\n\n<\/div><\/div>\n\n<div class=\"gb-grid-column gb-grid-column-5c53f2f2\"><div class=\"gb-container gb-container-5c53f2f2 slide_portada dot_blau\">\n\n<div class=\"wp-block-tandem-lightbox-carousel diapositives\" data-slick=\"{&quot;adaptiveHeight&quot;:false,&quot;autoplay&quot;:true,&quot;autoplaySpeed&quot;:3500,&quot;arrows&quot;:false,&quot;centerMode&quot;:false,&quot;dots&quot;:true,&quot;infinite&quot;:true,&quot;pauseOnFocus&quot;:true,&quot;pauseOnHover&quot;:true,&quot;pauseOnDotsHover&quot;:true,&quot;slidesToShow&quot;:1,&quot;slidesToScroll&quot;:1,&quot;variableWidth&quot;:false}\">\n<a class=\"wp-block-tandem-lightbox-carousel-slide size-large\" href=\"https:\/\/qparadis.com\/wp-content\/uploads\/2024\/12\/QPARADIS-projecte-ampliacio-gran-jonquera-3.jpg\"><img decoding=\"async\" width=\"1024\" height=\"683\" src=\"https:\/\/qparadis.com\/wp-content\/uploads\/2024\/12\/QPARADIS-projecte-ampliacio-gran-jonquera-3-1024x683.jpg\" alt=\"\" class=\"wp-image-250968\" srcset=\"https:\/\/qparadis.com\/wp-content\/uploads\/2024\/12\/QPARADIS-projecte-ampliacio-gran-jonquera-3-1024x683.jpg 1024w, https:\/\/qparadis.com\/wp-content\/uploads\/2024\/12\/QPARADIS-projecte-ampliacio-gran-jonquera-3-300x200.jpg 300w, https:\/\/qparadis.com\/wp-content\/uploads\/2024\/12\/QPARADIS-projecte-ampliacio-gran-jonquera-3-768x512.jpg 768w, https:\/\/qparadis.com\/wp-content\/uploads\/2024\/12\/QPARADIS-projecte-ampliacio-gran-jonquera-3-18x12.jpg 18w, https:\/\/qparadis.com\/wp-content\/uploads\/2024\/12\/QPARADIS-projecte-ampliacio-gran-jonquera-3-1080x720.jpg 1080w, https:\/\/qparadis.com\/wp-content\/uploads\/2024\/12\/QPARADIS-projecte-ampliacio-gran-jonquera-3.jpg 1200w\" sizes=\"(max-width: 1024px) 100vw, 1024px\" \/><\/a>\n\n\n\n<a class=\"wp-block-tandem-lightbox-carousel-slide size-large\" href=\"https:\/\/qparadis.com\/wp-content\/uploads\/2024\/12\/QPARADIS-projecte-ampliacio-gran-jonquera-7.jpg\"><img decoding=\"async\" width=\"1024\" height=\"683\" src=\"https:\/\/qparadis.com\/wp-content\/uploads\/2024\/12\/QPARADIS-projecte-ampliacio-gran-jonquera-7-1024x683.jpg\" alt=\"\" class=\"wp-image-250972\" srcset=\"https:\/\/qparadis.com\/wp-content\/uploads\/2024\/12\/QPARADIS-projecte-ampliacio-gran-jonquera-7-1024x683.jpg 1024w, https:\/\/qparadis.com\/wp-content\/uploads\/2024\/12\/QPARADIS-projecte-ampliacio-gran-jonquera-7-300x200.jpg 300w, https:\/\/qparadis.com\/wp-content\/uploads\/2024\/12\/QPARADIS-projecte-ampliacio-gran-jonquera-7-768x512.jpg 768w, https:\/\/qparadis.com\/wp-content\/uploads\/2024\/12\/QPARADIS-projecte-ampliacio-gran-jonquera-7-18x12.jpg 18w, https:\/\/qparadis.com\/wp-content\/uploads\/2024\/12\/QPARADIS-projecte-ampliacio-gran-jonquera-7-1080x720.jpg 1080w, https:\/\/qparadis.com\/wp-content\/uploads\/2024\/12\/QPARADIS-projecte-ampliacio-gran-jonquera-7.jpg 1200w\" sizes=\"(max-width: 1024px) 100vw, 1024px\" \/><\/a>\n\n\n\n<a class=\"wp-block-tandem-lightbox-carousel-slide size-large\" href=\"https:\/\/qparadis.com\/wp-content\/uploads\/2024\/12\/QPARADIS-projecte-ampliacio-gran-jonquera-8.jpg\"><img decoding=\"async\" width=\"1024\" height=\"683\" src=\"https:\/\/qparadis.com\/wp-content\/uploads\/2024\/12\/QPARADIS-projecte-ampliacio-gran-jonquera-8-1024x683.jpg\" alt=\"\" class=\"wp-image-250973\" srcset=\"https:\/\/qparadis.com\/wp-content\/uploads\/2024\/12\/QPARADIS-projecte-ampliacio-gran-jonquera-8-1024x683.jpg 1024w, https:\/\/qparadis.com\/wp-content\/uploads\/2024\/12\/QPARADIS-projecte-ampliacio-gran-jonquera-8-300x200.jpg 300w, https:\/\/qparadis.com\/wp-content\/uploads\/2024\/12\/QPARADIS-projecte-ampliacio-gran-jonquera-8-768x512.jpg 768w, https:\/\/qparadis.com\/wp-content\/uploads\/2024\/12\/QPARADIS-projecte-ampliacio-gran-jonquera-8-18x12.jpg 18w, https:\/\/qparadis.com\/wp-content\/uploads\/2024\/12\/QPARADIS-projecte-ampliacio-gran-jonquera-8-1080x720.jpg 1080w, https:\/\/qparadis.com\/wp-content\/uploads\/2024\/12\/QPARADIS-projecte-ampliacio-gran-jonquera-8.jpg 1200w\" sizes=\"(max-width: 1024px) 100vw, 1024px\" \/><\/a>\n<\/div>\n\n<\/div><\/div>\n<\/div>\n<\/div>\n<\/div>\n\n<div class=\"gb-container gb-container-9c1abdfa\">\n<div class=\"gb-container gb-container-e1eca217\">\n<div class=\"gb-grid-wrapper gb-grid-wrapper-7607060b\">\n<div class=\"gb-grid-column gb-grid-column-b1ccd7c9\"><div class=\"gb-container gb-container-b1ccd7c9\">\n\n<h2 class=\"gb-headline gb-headline-890e9060 gb-headline-text\">Coberta transitable amb acabat de paviment gres<\/h2>\n\n\n\n<p class=\"gb-headline gb-headline-f2335f15 gb-headline-text\">Superf\u00edcie 8.200 m\u00b2<\/p>\n\n\n\n<p class=\"gb-headline gb-headline-c924c894 gb-headline-text\">Inclou <strong>barrera de vapor<\/strong>, <strong>a\u00efllament t\u00e8rmic<\/strong>, <strong>formaci\u00f3 de pendents<\/strong>, <strong>impermeabilizaci\u00f3n<\/strong> i un acabat final amb gres seleccionat per la propietat.<\/p>\n\n\n\n<a href=\"\/es\/proyectos\/espectacular-coberta-transitable-de-8-200-m%c2%b2-al-gran-jonquera\/\" class=\"boto_blau\">\n  <span>Veure projecte<\/span>\n<svg id=\"Layer_1\" data-name=\"Layer 1\" xmlns=\"http:\/\/www.w3.org\/2000\/svg\" viewbox=\"0 0 16 16\"><defs><style>.cls-1{fill-rule:evenodd}<\/style><\/defs><path class=\"cls-1\" d=\"M.5 8.5v-1h15v1z\"\/><path class=\"cls-1\" d=\"M8.5 15.5h-1V.5h1z\"\/><\/svg>\n<\/a>\n\n<\/div><\/div>\n\n<div class=\"gb-grid-column gb-grid-column-7c6499ec\"><div class=\"gb-container gb-container-7c6499ec slide_portada dot_blau\">\n\n<div class=\"wp-block-tandem-lightbox-carousel diapositives\" data-slick=\"{&quot;adaptiveHeight&quot;:false,&quot;autoplay&quot;:true,&quot;autoplaySpeed&quot;:3500,&quot;arrows&quot;:false,&quot;centerMode&quot;:false,&quot;dots&quot;:true,&quot;infinite&quot;:true,&quot;pauseOnFocus&quot;:true,&quot;pauseOnHover&quot;:true,&quot;pauseOnDotsHover&quot;:true,&quot;slidesToShow&quot;:1,&quot;slidesToScroll&quot;:1,&quot;variableWidth&quot;:false}\">\n<a class=\"wp-block-tandem-lightbox-carousel-slide size-large\" href=\"https:\/\/qparadis.com\/wp-content\/uploads\/2024\/12\/QPARADIS-projecte-ampliacio-gran-jonquera-11.jpg\"><img decoding=\"async\" width=\"1024\" height=\"683\" src=\"https:\/\/qparadis.com\/wp-content\/uploads\/2024\/12\/QPARADIS-projecte-ampliacio-gran-jonquera-11-1024x683.jpg\" alt=\"\" class=\"wp-image-250976\" srcset=\"https:\/\/qparadis.com\/wp-content\/uploads\/2024\/12\/QPARADIS-projecte-ampliacio-gran-jonquera-11-1024x683.jpg 1024w, https:\/\/qparadis.com\/wp-content\/uploads\/2024\/12\/QPARADIS-projecte-ampliacio-gran-jonquera-11-300x200.jpg 300w, https:\/\/qparadis.com\/wp-content\/uploads\/2024\/12\/QPARADIS-projecte-ampliacio-gran-jonquera-11-768x512.jpg 768w, https:\/\/qparadis.com\/wp-content\/uploads\/2024\/12\/QPARADIS-projecte-ampliacio-gran-jonquera-11-18x12.jpg 18w, https:\/\/qparadis.com\/wp-content\/uploads\/2024\/12\/QPARADIS-projecte-ampliacio-gran-jonquera-11-1080x720.jpg 1080w, https:\/\/qparadis.com\/wp-content\/uploads\/2024\/12\/QPARADIS-projecte-ampliacio-gran-jonquera-11.jpg 1200w\" sizes=\"(max-width: 1024px) 100vw, 1024px\" \/><\/a>\n\n\n\n<a class=\"wp-block-tandem-lightbox-carousel-slide size-large\" href=\"https:\/\/qparadis.com\/wp-content\/uploads\/2024\/12\/QPARADIS-projecte-ampliacio-gran-jonquera-1.jpg\"><img decoding=\"async\" width=\"1024\" height=\"578\" src=\"https:\/\/qparadis.com\/wp-content\/uploads\/2024\/12\/QPARADIS-projecte-ampliacio-gran-jonquera-1-1024x578.jpg\" alt=\"\" class=\"wp-image-250966\" srcset=\"https:\/\/qparadis.com\/wp-content\/uploads\/2024\/12\/QPARADIS-projecte-ampliacio-gran-jonquera-1-1024x578.jpg 1024w, https:\/\/qparadis.com\/wp-content\/uploads\/2024\/12\/QPARADIS-projecte-ampliacio-gran-jonquera-1-300x169.jpg 300w, https:\/\/qparadis.com\/wp-content\/uploads\/2024\/12\/QPARADIS-projecte-ampliacio-gran-jonquera-1-768x433.jpg 768w, https:\/\/qparadis.com\/wp-content\/uploads\/2024\/12\/QPARADIS-projecte-ampliacio-gran-jonquera-1-18x10.jpg 18w, https:\/\/qparadis.com\/wp-content\/uploads\/2024\/12\/QPARADIS-projecte-ampliacio-gran-jonquera-1-1080x609.jpg 1080w, https:\/\/qparadis.com\/wp-content\/uploads\/2024\/12\/QPARADIS-projecte-ampliacio-gran-jonquera-1.jpg 1200w\" sizes=\"(max-width: 1024px) 100vw, 1024px\" \/><\/a>\n\n\n\n<a class=\"wp-block-tandem-lightbox-carousel-slide size-large\" href=\"https:\/\/qparadis.com\/wp-content\/uploads\/2024\/12\/QPARADIS-projecte-ampliacio-gran-jonquera-2.jpg\"><img decoding=\"async\" width=\"1024\" height=\"683\" src=\"https:\/\/qparadis.com\/wp-content\/uploads\/2024\/12\/QPARADIS-projecte-ampliacio-gran-jonquera-2-1024x683.jpg\" alt=\"\" class=\"wp-image-250967\" srcset=\"https:\/\/qparadis.com\/wp-content\/uploads\/2024\/12\/QPARADIS-projecte-ampliacio-gran-jonquera-2-1024x683.jpg 1024w, https:\/\/qparadis.com\/wp-content\/uploads\/2024\/12\/QPARADIS-projecte-ampliacio-gran-jonquera-2-300x200.jpg 300w, https:\/\/qparadis.com\/wp-content\/uploads\/2024\/12\/QPARADIS-projecte-ampliacio-gran-jonquera-2-768x512.jpg 768w, https:\/\/qparadis.com\/wp-content\/uploads\/2024\/12\/QPARADIS-projecte-ampliacio-gran-jonquera-2-18x12.jpg 18w, https:\/\/qparadis.com\/wp-content\/uploads\/2024\/12\/QPARADIS-projecte-ampliacio-gran-jonquera-2-1080x720.jpg 1080w, https:\/\/qparadis.com\/wp-content\/uploads\/2024\/12\/QPARADIS-projecte-ampliacio-gran-jonquera-2.jpg 1200w\" sizes=\"(max-width: 1024px) 100vw, 1024px\" \/><\/a>\n<\/div>\n\n<\/div><\/div>\n<\/div>\n<\/div>\n<\/div>\n\n<div class=\"gb-container gb-container-2d87f148\">\n<div class=\"gb-container gb-container-23979cca\">\n<div class=\"gb-grid-wrapper gb-grid-wrapper-c3887966\">\n<div class=\"gb-grid-column gb-grid-column-b54476f5\"><div class=\"gb-container gb-container-b54476f5\">\n\n<h2 class=\"gb-headline gb-headline-6647e782 gb-headline-text\">Coberta del soterrani per a \u00fas d&#8217;aparcaments exteriors<\/h2>\n\n\n\n<p class=\"gb-headline gb-headline-3ed9449f gb-headline-text\">Superf\u00edcie 6.600 m\u00b2<\/p>\n\n\n\n<p class=\"gb-headline gb-headline-60981291 gb-headline-text\">Disposa d\u2019<strong>impermeabilizaci\u00f3n<\/strong>, <strong>a\u00efllament t\u00e8rmic<\/strong>, <strong>solera de formig\u00f3 armat amb acabat lliscat<\/strong> i un <strong>sistema de canals per a la recollida d\u2019aig\u00fces pluvials<\/strong>.<\/p>\n\n\n\n<a href=\"\/es\/proyectos\/coberta-del-soterrani-de-6-600-m%c2%b2-per-a-us-daparcaments-exteriors-al-gran-jonquera\/\" class=\"boto_blau\">\n  <span>Veure projecte<\/span>\n<svg id=\"Layer_1\" data-name=\"Layer 1\" xmlns=\"http:\/\/www.w3.org\/2000\/svg\" viewbox=\"0 0 16 16\"><defs><style>.cls-1{fill-rule:evenodd}<\/style><\/defs><path class=\"cls-1\" d=\"M.5 8.5v-1h15v1z\"\/><path class=\"cls-1\" d=\"M8.5 15.5h-1V.5h1z\"\/><\/svg>\n<\/a>\n\n<\/div><\/div>\n\n<div class=\"gb-grid-column gb-grid-column-15a5992b\"><div class=\"gb-container gb-container-15a5992b slide_portada dot_blau\">\n\n<div class=\"wp-block-tandem-lightbox-carousel diapositives\" data-slick=\"{&quot;adaptiveHeight&quot;:false,&quot;autoplay&quot;:true,&quot;autoplaySpeed&quot;:3500,&quot;arrows&quot;:false,&quot;centerMode&quot;:false,&quot;dots&quot;:true,&quot;infinite&quot;:true,&quot;pauseOnFocus&quot;:true,&quot;pauseOnHover&quot;:true,&quot;pauseOnDotsHover&quot;:true,&quot;slidesToShow&quot;:1,&quot;slidesToScroll&quot;:1,&quot;variableWidth&quot;:false}\">\n<a class=\"wp-block-tandem-lightbox-carousel-slide size-large\" href=\"https:\/\/qparadis.com\/wp-content\/uploads\/2024\/12\/QPARADIS-projecte-ampliacio-gran-jonquera-5.jpg\"><img decoding=\"async\" width=\"1024\" height=\"683\" src=\"https:\/\/qparadis.com\/wp-content\/uploads\/2024\/12\/QPARADIS-projecte-ampliacio-gran-jonquera-5-1024x683.jpg\" alt=\"\" class=\"wp-image-250970\" srcset=\"https:\/\/qparadis.com\/wp-content\/uploads\/2024\/12\/QPARADIS-projecte-ampliacio-gran-jonquera-5-1024x683.jpg 1024w, https:\/\/qparadis.com\/wp-content\/uploads\/2024\/12\/QPARADIS-projecte-ampliacio-gran-jonquera-5-300x200.jpg 300w, https:\/\/qparadis.com\/wp-content\/uploads\/2024\/12\/QPARADIS-projecte-ampliacio-gran-jonquera-5-768x512.jpg 768w, https:\/\/qparadis.com\/wp-content\/uploads\/2024\/12\/QPARADIS-projecte-ampliacio-gran-jonquera-5-18x12.jpg 18w, https:\/\/qparadis.com\/wp-content\/uploads\/2024\/12\/QPARADIS-projecte-ampliacio-gran-jonquera-5-1080x720.jpg 1080w, https:\/\/qparadis.com\/wp-content\/uploads\/2024\/12\/QPARADIS-projecte-ampliacio-gran-jonquera-5.jpg 1200w\" sizes=\"(max-width: 1024px) 100vw, 1024px\" \/><\/a>\n\n\n\n<a class=\"wp-block-tandem-lightbox-carousel-slide size-large\" href=\"https:\/\/qparadis.com\/wp-content\/uploads\/2024\/12\/QPARADIS-projecte-ampliacio-gran-jonquera-17.jpg\"><img decoding=\"async\" width=\"1024\" height=\"683\" src=\"https:\/\/qparadis.com\/wp-content\/uploads\/2024\/12\/QPARADIS-projecte-ampliacio-gran-jonquera-17-1024x683.jpg\" alt=\"\" class=\"wp-image-250982\" srcset=\"https:\/\/qparadis.com\/wp-content\/uploads\/2024\/12\/QPARADIS-projecte-ampliacio-gran-jonquera-17-1024x683.jpg 1024w, https:\/\/qparadis.com\/wp-content\/uploads\/2024\/12\/QPARADIS-projecte-ampliacio-gran-jonquera-17-300x200.jpg 300w, https:\/\/qparadis.com\/wp-content\/uploads\/2024\/12\/QPARADIS-projecte-ampliacio-gran-jonquera-17-768x512.jpg 768w, https:\/\/qparadis.com\/wp-content\/uploads\/2024\/12\/QPARADIS-projecte-ampliacio-gran-jonquera-17-18x12.jpg 18w, https:\/\/qparadis.com\/wp-content\/uploads\/2024\/12\/QPARADIS-projecte-ampliacio-gran-jonquera-17-1080x720.jpg 1080w, https:\/\/qparadis.com\/wp-content\/uploads\/2024\/12\/QPARADIS-projecte-ampliacio-gran-jonquera-17.jpg 1200w\" sizes=\"(max-width: 1024px) 100vw, 1024px\" \/><\/a>\n\n\n\n<a class=\"wp-block-tandem-lightbox-carousel-slide size-large\" href=\"https:\/\/qparadis.com\/wp-content\/uploads\/2024\/12\/QPARADIS-projecte-ampliacio-gran-jonquera-15.jpg\"><img decoding=\"async\" width=\"1024\" height=\"683\" src=\"https:\/\/qparadis.com\/wp-content\/uploads\/2024\/12\/QPARADIS-projecte-ampliacio-gran-jonquera-15-1024x683.jpg\" alt=\"\" class=\"wp-image-250980\" srcset=\"https:\/\/qparadis.com\/wp-content\/uploads\/2024\/12\/QPARADIS-projecte-ampliacio-gran-jonquera-15-1024x683.jpg 1024w, https:\/\/qparadis.com\/wp-content\/uploads\/2024\/12\/QPARADIS-projecte-ampliacio-gran-jonquera-15-300x200.jpg 300w, https:\/\/qparadis.com\/wp-content\/uploads\/2024\/12\/QPARADIS-projecte-ampliacio-gran-jonquera-15-768x512.jpg 768w, https:\/\/qparadis.com\/wp-content\/uploads\/2024\/12\/QPARADIS-projecte-ampliacio-gran-jonquera-15-18x12.jpg 18w, https:\/\/qparadis.com\/wp-content\/uploads\/2024\/12\/QPARADIS-projecte-ampliacio-gran-jonquera-15-1080x720.jpg 1080w, https:\/\/qparadis.com\/wp-content\/uploads\/2024\/12\/QPARADIS-projecte-ampliacio-gran-jonquera-15.jpg 1200w\" sizes=\"(max-width: 1024px) 100vw, 1024px\" \/><\/a>\n<\/div>\n\n<\/div><\/div>\n<\/div>\n<\/div>\n<\/div>\n\n<div class=\"gb-container gb-container-f5772460\">\n<div class=\"gb-container gb-container-7b709415\">\n<div class=\"gb-grid-wrapper gb-grid-wrapper-bd1b8cc5\">\n<div class=\"gb-grid-column gb-grid-column-725c7ea4\"><div class=\"gb-container gb-container-725c7ea4 slide_portada dot_blau\">\n\n<div class=\"wp-block-tandem-lightbox-carousel diapositives\" data-slick=\"{&quot;adaptiveHeight&quot;:false,&quot;autoplay&quot;:true,&quot;autoplaySpeed&quot;:3500,&quot;arrows&quot;:false,&quot;centerMode&quot;:false,&quot;dots&quot;:true,&quot;infinite&quot;:true,&quot;pauseOnFocus&quot;:true,&quot;pauseOnHover&quot;:true,&quot;pauseOnDotsHover&quot;:true,&quot;slidesToShow&quot;:1,&quot;slidesToScroll&quot;:1,&quot;variableWidth&quot;:false}\">\n<a class=\"wp-block-tandem-lightbox-carousel-slide size-large\" href=\"https:\/\/qparadis.com\/wp-content\/uploads\/2024\/12\/QPARADIS-projecte-ampliacio-gran-jonquera-5.jpg\"><img decoding=\"async\" width=\"1024\" height=\"683\" src=\"https:\/\/qparadis.com\/wp-content\/uploads\/2024\/12\/QPARADIS-projecte-ampliacio-gran-jonquera-5-1024x683.jpg\" alt=\"\" class=\"wp-image-250970\" srcset=\"https:\/\/qparadis.com\/wp-content\/uploads\/2024\/12\/QPARADIS-projecte-ampliacio-gran-jonquera-5-1024x683.jpg 1024w, https:\/\/qparadis.com\/wp-content\/uploads\/2024\/12\/QPARADIS-projecte-ampliacio-gran-jonquera-5-300x200.jpg 300w, https:\/\/qparadis.com\/wp-content\/uploads\/2024\/12\/QPARADIS-projecte-ampliacio-gran-jonquera-5-768x512.jpg 768w, https:\/\/qparadis.com\/wp-content\/uploads\/2024\/12\/QPARADIS-projecte-ampliacio-gran-jonquera-5-18x12.jpg 18w, https:\/\/qparadis.com\/wp-content\/uploads\/2024\/12\/QPARADIS-projecte-ampliacio-gran-jonquera-5-1080x720.jpg 1080w, https:\/\/qparadis.com\/wp-content\/uploads\/2024\/12\/QPARADIS-projecte-ampliacio-gran-jonquera-5.jpg 1200w\" sizes=\"(max-width: 1024px) 100vw, 1024px\" \/><\/a>\n\n\n\n<a class=\"wp-block-tandem-lightbox-carousel-slide size-large\" href=\"https:\/\/qparadis.com\/wp-content\/uploads\/2024\/12\/QPARADIS-projecte-ampliacio-gran-jonquera-17.jpg\"><img decoding=\"async\" width=\"1024\" height=\"683\" src=\"https:\/\/qparadis.com\/wp-content\/uploads\/2024\/12\/QPARADIS-projecte-ampliacio-gran-jonquera-17-1024x683.jpg\" alt=\"\" class=\"wp-image-250982\" srcset=\"https:\/\/qparadis.com\/wp-content\/uploads\/2024\/12\/QPARADIS-projecte-ampliacio-gran-jonquera-17-1024x683.jpg 1024w, https:\/\/qparadis.com\/wp-content\/uploads\/2024\/12\/QPARADIS-projecte-ampliacio-gran-jonquera-17-300x200.jpg 300w, https:\/\/qparadis.com\/wp-content\/uploads\/2024\/12\/QPARADIS-projecte-ampliacio-gran-jonquera-17-768x512.jpg 768w, https:\/\/qparadis.com\/wp-content\/uploads\/2024\/12\/QPARADIS-projecte-ampliacio-gran-jonquera-17-18x12.jpg 18w, https:\/\/qparadis.com\/wp-content\/uploads\/2024\/12\/QPARADIS-projecte-ampliacio-gran-jonquera-17-1080x720.jpg 1080w, https:\/\/qparadis.com\/wp-content\/uploads\/2024\/12\/QPARADIS-projecte-ampliacio-gran-jonquera-17.jpg 1200w\" sizes=\"(max-width: 1024px) 100vw, 1024px\" \/><\/a>\n\n\n\n<a class=\"wp-block-tandem-lightbox-carousel-slide size-large\" href=\"https:\/\/qparadis.com\/wp-content\/uploads\/2024\/12\/QPARADIS-projecte-ampliacio-gran-jonquera-15.jpg\"><img decoding=\"async\" width=\"1024\" height=\"683\" src=\"https:\/\/qparadis.com\/wp-content\/uploads\/2024\/12\/QPARADIS-projecte-ampliacio-gran-jonquera-15-1024x683.jpg\" alt=\"\" class=\"wp-image-250980\" srcset=\"https:\/\/qparadis.com\/wp-content\/uploads\/2024\/12\/QPARADIS-projecte-ampliacio-gran-jonquera-15-1024x683.jpg 1024w, https:\/\/qparadis.com\/wp-content\/uploads\/2024\/12\/QPARADIS-projecte-ampliacio-gran-jonquera-15-300x200.jpg 300w, https:\/\/qparadis.com\/wp-content\/uploads\/2024\/12\/QPARADIS-projecte-ampliacio-gran-jonquera-15-768x512.jpg 768w, https:\/\/qparadis.com\/wp-content\/uploads\/2024\/12\/QPARADIS-projecte-ampliacio-gran-jonquera-15-18x12.jpg 18w, https:\/\/qparadis.com\/wp-content\/uploads\/2024\/12\/QPARADIS-projecte-ampliacio-gran-jonquera-15-1080x720.jpg 1080w, https:\/\/qparadis.com\/wp-content\/uploads\/2024\/12\/QPARADIS-projecte-ampliacio-gran-jonquera-15.jpg 1200w\" sizes=\"(max-width: 1024px) 100vw, 1024px\" \/><\/a>\n<\/div>\n\n<\/div><\/div>\n\n<div class=\"gb-grid-column gb-grid-column-32b29821\"><div class=\"gb-container gb-container-32b29821\">\n\n<h2 class=\"gb-headline gb-headline-af7df0bd gb-headline-text\">Coberta del soterrani per a \u00fas d&#8217;aparcaments exteriors<\/h2>\n\n\n\n<p class=\"gb-headline gb-headline-3cbb2dd9 gb-headline-text\">Superf\u00edcie 6.600 m\u00b2<\/p>\n\n\n\n<p class=\"gb-headline gb-headline-1774d841 gb-headline-text\">Disposa d\u2019<strong>impermeabilizaci\u00f3n<\/strong>, <strong>a\u00efllament t\u00e8rmic<\/strong>, <strong>solera de formig\u00f3 armat amb acabat lliscat<\/strong> i un <strong>sistema de canals per a la recollida d\u2019aig\u00fces pluvials<\/strong>.<\/p>\n\n\n\n<a href=\"\/es\/proyectos\/coberta-del-soterrani-de-6-600-m%c2%b2-per-a-us-daparcaments-exteriors-al-gran-jonquera\/\" class=\"boto_blau\">\n  <span>Veure projecte<\/span>\n<svg id=\"Layer_1\" data-name=\"Layer 1\" xmlns=\"http:\/\/www.w3.org\/2000\/svg\" viewbox=\"0 0 16 16\"><defs><style>.cls-1{fill-rule:evenodd}<\/style><\/defs><path class=\"cls-1\" d=\"M.5 8.5v-1h15v1z\"\/><path class=\"cls-1\" d=\"M8.5 15.5h-1V.5h1z\"\/><\/svg>\n<\/a>\n\n<\/div><\/div>\n<\/div>\n<\/div>\n<\/div>\n\n<div class=\"gb-container gb-container-1609fc55\">\n<div class=\"gb-container gb-container-2d9b5cb6\">\n<div class=\"gb-grid-wrapper gb-grid-wrapper-67b09512\">\n<div class=\"gb-grid-column gb-grid-column-1e6d3a51\"><div class=\"gb-container gb-container-1e6d3a51\">\n\n<h2 class=\"gb-headline gb-headline-c4c78ea8 gb-headline-text\">Zona de vianants al per\u00edmetre del centre comercial<\/h2>\n\n\n\n<p class=\"gb-headline gb-headline-585807d3 gb-headline-text\">Superf\u00edcie 3.300 m\u00b2<\/p>\n\n\n\n<p class=\"gb-headline gb-headline-adc8a643 gb-headline-text\">Inclou <strong>barrera de vapor<\/strong>, <strong>a\u00efllament t\u00e8rmic<\/strong>, <strong>formaci\u00f3 de pendents<\/strong>, <strong>impermeabilizaci\u00f3n<\/strong> i un acabat final amb <strong>pedra gran\u00edtica<\/strong>.<\/p>\n\n\n\n<a href=\"\/es\/proyectos\/nova-zona-de-vianants-dacces-de-3-300-m%c2%b2-al-gran-jonquera\/\" class=\"boto_blau\">\n  <span>m\u00e1s informaci\u00f3n<\/span>\n<svg id=\"Layer_1\" data-name=\"Layer 1\" xmlns=\"http:\/\/www.w3.org\/2000\/svg\" viewbox=\"0 0 16 16\"><defs><style>.cls-1{fill-rule:evenodd}<\/style><\/defs><path class=\"cls-1\" d=\"M.5 8.5v-1h15v1z\"\/><path class=\"cls-1\" d=\"M8.5 15.5h-1V.5h1z\"\/><\/svg>\n<\/a>\n\n<\/div><\/div>\n\n<div class=\"gb-grid-column gb-grid-column-00eecdc1\"><div class=\"gb-container gb-container-00eecdc1 slide_portada dot_blau\">\n\n<div class=\"wp-block-tandem-lightbox-carousel diapositives\" data-slick=\"{&quot;adaptiveHeight&quot;:false,&quot;autoplay&quot;:true,&quot;autoplaySpeed&quot;:3500,&quot;arrows&quot;:false,&quot;centerMode&quot;:false,&quot;dots&quot;:true,&quot;infinite&quot;:true,&quot;pauseOnFocus&quot;:true,&quot;pauseOnHover&quot;:true,&quot;pauseOnDotsHover&quot;:true,&quot;slidesToShow&quot;:1,&quot;slidesToScroll&quot;:1,&quot;variableWidth&quot;:false}\">\n<a class=\"wp-block-tandem-lightbox-carousel-slide size-large\" href=\"https:\/\/qparadis.com\/wp-content\/uploads\/2024\/12\/QPARADIS-projecte-ampliacio-gran-jonquera-6.jpg\"><img decoding=\"async\" width=\"1024\" height=\"683\" src=\"https:\/\/qparadis.com\/wp-content\/uploads\/2024\/12\/QPARADIS-projecte-ampliacio-gran-jonquera-6-1024x683.jpg\" alt=\"\" class=\"wp-image-250971\" srcset=\"https:\/\/qparadis.com\/wp-content\/uploads\/2024\/12\/QPARADIS-projecte-ampliacio-gran-jonquera-6-1024x683.jpg 1024w, https:\/\/qparadis.com\/wp-content\/uploads\/2024\/12\/QPARADIS-projecte-ampliacio-gran-jonquera-6-300x200.jpg 300w, https:\/\/qparadis.com\/wp-content\/uploads\/2024\/12\/QPARADIS-projecte-ampliacio-gran-jonquera-6-768x512.jpg 768w, https:\/\/qparadis.com\/wp-content\/uploads\/2024\/12\/QPARADIS-projecte-ampliacio-gran-jonquera-6-18x12.jpg 18w, https:\/\/qparadis.com\/wp-content\/uploads\/2024\/12\/QPARADIS-projecte-ampliacio-gran-jonquera-6-1080x720.jpg 1080w, https:\/\/qparadis.com\/wp-content\/uploads\/2024\/12\/QPARADIS-projecte-ampliacio-gran-jonquera-6.jpg 1200w\" sizes=\"(max-width: 1024px) 100vw, 1024px\" \/><\/a>\n\n\n\n<a class=\"wp-block-tandem-lightbox-carousel-slide size-large\" href=\"https:\/\/qparadis.com\/wp-content\/uploads\/2024\/12\/QPARADIS-projecte-ampliacio-gran-jonquera-12.jpg\"><img decoding=\"async\" width=\"1024\" height=\"683\" src=\"https:\/\/qparadis.com\/wp-content\/uploads\/2024\/12\/QPARADIS-projecte-ampliacio-gran-jonquera-12-1024x683.jpg\" alt=\"\" class=\"wp-image-250977\" srcset=\"https:\/\/qparadis.com\/wp-content\/uploads\/2024\/12\/QPARADIS-projecte-ampliacio-gran-jonquera-12-1024x683.jpg 1024w, https:\/\/qparadis.com\/wp-content\/uploads\/2024\/12\/QPARADIS-projecte-ampliacio-gran-jonquera-12-300x200.jpg 300w, https:\/\/qparadis.com\/wp-content\/uploads\/2024\/12\/QPARADIS-projecte-ampliacio-gran-jonquera-12-768x512.jpg 768w, https:\/\/qparadis.com\/wp-content\/uploads\/2024\/12\/QPARADIS-projecte-ampliacio-gran-jonquera-12-18x12.jpg 18w, https:\/\/qparadis.com\/wp-content\/uploads\/2024\/12\/QPARADIS-projecte-ampliacio-gran-jonquera-12-1080x720.jpg 1080w, https:\/\/qparadis.com\/wp-content\/uploads\/2024\/12\/QPARADIS-projecte-ampliacio-gran-jonquera-12.jpg 1200w\" sizes=\"(max-width: 1024px) 100vw, 1024px\" \/><\/a>\n\n\n\n<a class=\"wp-block-tandem-lightbox-carousel-slide size-large\" href=\"https:\/\/qparadis.com\/wp-content\/uploads\/2024\/12\/QPARADIS-projecte-ampliacio-gran-jonquera-9.jpg\"><img decoding=\"async\" width=\"1024\" height=\"683\" src=\"https:\/\/qparadis.com\/wp-content\/uploads\/2024\/12\/QPARADIS-projecte-ampliacio-gran-jonquera-9-1024x683.jpg\" alt=\"\" class=\"wp-image-250974\" srcset=\"https:\/\/qparadis.com\/wp-content\/uploads\/2024\/12\/QPARADIS-projecte-ampliacio-gran-jonquera-9-1024x683.jpg 1024w, https:\/\/qparadis.com\/wp-content\/uploads\/2024\/12\/QPARADIS-projecte-ampliacio-gran-jonquera-9-300x200.jpg 300w, https:\/\/qparadis.com\/wp-content\/uploads\/2024\/12\/QPARADIS-projecte-ampliacio-gran-jonquera-9-768x512.jpg 768w, https:\/\/qparadis.com\/wp-content\/uploads\/2024\/12\/QPARADIS-projecte-ampliacio-gran-jonquera-9-18x12.jpg 18w, https:\/\/qparadis.com\/wp-content\/uploads\/2024\/12\/QPARADIS-projecte-ampliacio-gran-jonquera-9-1080x720.jpg 1080w, https:\/\/qparadis.com\/wp-content\/uploads\/2024\/12\/QPARADIS-projecte-ampliacio-gran-jonquera-9.jpg 1200w\" sizes=\"(max-width: 1024px) 100vw, 1024px\" \/><\/a>\n<\/div>\n\n<\/div><\/div>\n<\/div>\n<\/div>\n<\/div>\n\n<div class=\"gb-container gb-container-5f643306\">\n<div class=\"gb-container gb-container-e1266868\">\n<div class=\"gb-grid-wrapper gb-grid-wrapper-5a083539\">\n<div class=\"gb-grid-column gb-grid-column-17751b5e\"><div class=\"gb-container gb-container-17751b5e\">\n\n<h2 class=\"gb-headline gb-headline-66858c48 gb-headline-text\">Impermeabilitzaci\u00f3 d&#8217;alta qualitat i efici\u00e8ncia<\/h2>\n\n<\/div><\/div>\n\n<div class=\"gb-grid-column gb-grid-column-34284ce0\"><div class=\"gb-container gb-container-34284ce0\">\n\n<h2 class=\"gb-headline gb-headline-ea1bae23 gb-headline-text\">Aplicaci\u00f3 de solucions t\u00e8cniques d\u2019alt rendiment<\/h2>\n\n<\/div><\/div>\n\n<div class=\"gb-grid-column gb-grid-column-e1612a81\"><div class=\"gb-container gb-container-e1612a81\">\n\n<h2 class=\"gb-headline gb-headline-255c0fee gb-headline-text\">Acabats amb \u00f2ptima funcionalitat<\/h2>\n\n<\/div><\/div>\n<\/div>\n<\/div>\n<\/div>\n\n<div class=\"gb-container gb-container-642147ea\">\n<div class=\"gb-container gb-container-6caa204a\">\n<div class=\"gb-grid-wrapper gb-grid-wrapper-142f3663\">\n<div class=\"gb-grid-column gb-grid-column-7be937a5\"><div class=\"gb-container gb-container-7be937a5\">\n\n<h3 class=\"gb-headline gb-headline-2e1357ad gb-headline-text subratllat-blau\">Feina ben feta:<br><mark class=\"gb-highlight\">la signatura de QPARAD\u00cdS<\/mark><\/h3>\n\n\n\n<p class=\"gb-headline gb-headline-de8de113 gb-headline-text\">Amb cada biga refor\u00e7ada, cada metre de paviment repintat, i cada soluci\u00f3 innovadora implementada, QPARAD\u00cdS es compromet a portar confian\u00e7a, qualitat i lideratge t\u00e8cnic a cada projecte que abordem.<\/p>\n\n\n\n<a class=\"gb-button gb-button-908165e1\" href=\"tel:649202469\"><span class=\"gb-icon\"><svg id=\"uuid-97b7fa03-2d51-42d7-a4ce-1dd497a89273\" xmlns=\"http:\/\/www.w3.org\/2000\/svg\" viewbox=\"0 0 24.00769 24.00011\"><g id=\"uuid-2b9bb68b-3a35-4494-93cc-a716957fbb94\"><path d=\"m1.12,1.13011L5.85.05011c.35-.09.68-.06.99.1.31.15.55.4.71.75l2.15,5.06c.12.31.15.63.07.94s-.24.58-.49.8l-2.53,2.05c.81,1.62,1.86,3.08,3.14,4.36s2.73,2.33,4.36,3.14l2.06-2.53c.22-.25.48-.41.8-.49.31-.08.62-.05.94.07l5.06,2.16c.34.16.59.39.75.7.16.31.19.64.09.98l-1.08,4.73c-.06.31-.23.58-.52.8s-.57.33-.89.33c-3.91,0-7.51-.97-10.83-2.91-3.25-1.9-5.81-4.47-7.69-7.69C.98,10.07011,0,6.44011,0,2.54011c0-.31.11-.61.33-.89.22-.28.48-.46.79-.52Zm20.3,21.37l1.08-4.69-5.06-2.16-2.76,3.42c-2.44-1.12-4.39-2.42-5.86-3.89-1.47-1.47-2.76-3.42-3.89-5.86l3.42-2.76L6.19,1.51011,1.5,2.58011c0,3.63.91,6.97,2.72,10.03,1.78,3.03,4.17,5.42,7.17,7.17,3.09,1.81,6.43,2.72,10.03,2.72Z\"><\/path><\/g><\/svg><\/span><span class=\"gb-button-text\"><strong>Ll\u00e1manos y te asesoramos<\/strong><\/span><\/a>\n\n<\/div><\/div>\n\n<div class=\"gb-grid-column gb-grid-column-75e9d971\"><div class=\"gb-container gb-container-75e9d971\">\n<div class=\"gb-grid-wrapper gb-grid-wrapper-6c21e142\">\n<div class=\"gb-grid-column gb-grid-column-806ff7d9\"><div class=\"gb-container gb-container-806ff7d9\">\n\n<figure class=\"gb-block-image gb-block-image-ebac6a57\"><img decoding=\"async\" class=\"gb-image gb-image-ebac6a57\" src=\"https:\/\/qparadis.com\/wp-content\/uploads\/2023\/04\/QPARADIS_icon-assessorament-1.svg\" alt=\"\" title=\"QPARADIS_icon-asesoramiento\"\/><\/figure>\n\n\n<div class=\"gb-container gb-container-f8515252\">\n\n<h4 class=\"gb-headline gb-headline-3b7df107 gb-headline-text\">asesoramiento<\/h4>\n\n\n\n<p>Los t\u00e9cnicos de QPARADIS ofrecemos el tratamiento m\u00e1s adecuado y eficaz.<\/p>\n\n<\/div>\n<\/div><\/div>\n\n<div class=\"gb-grid-column gb-grid-column-37288826\"><div class=\"gb-container gb-container-37288826\">\n\n<figure class=\"gb-block-image gb-block-image-e34ad1f7\"><img decoding=\"async\" class=\"gb-image gb-image-e34ad1f7\" src=\"https:\/\/qparadis.com\/wp-content\/uploads\/2023\/04\/QPARADIS_icon-execucio-1.svg\" alt=\"\" title=\"QPARADIS_icon-ejecuci\u00f3n\"\/><\/figure>\n\n\n<div class=\"gb-container gb-container-7f8d150b\">\n\n<h4 class=\"gb-headline gb-headline-152755ae gb-headline-text\">Ejecuci\u00f3n de la obra<\/h4>\n\n\n\n<p>Realizamos todas las fases constructivas del proyecto, tanto en nueva obra como en rehabilitaci\u00f3n.<\/p>\n\n<\/div>\n<\/div><\/div>\n\n<div class=\"gb-grid-column gb-grid-column-d86a2c04\"><div class=\"gb-container gb-container-d86a2c04\">\n\n<figure class=\"gb-block-image gb-block-image-3c4397fa\"><img decoding=\"async\" class=\"gb-image gb-image-3c4397fa\" src=\"https:\/\/qparadis.com\/wp-content\/uploads\/2023\/04\/QPARADIS_icon-tractament-1.svg\" alt=\"\" title=\"QPARADIS_icon-tratamiento\"\/><\/figure>\n\n\n<div class=\"gb-container gb-container-80ccd27a\">\n\n<h4 class=\"gb-headline gb-headline-09f4e347 gb-headline-text\">tratamiento<\/h4>\n\n\n\n<p>Aplicaci\u00f3n con m\u00e1ximas garant\u00edas y durabilidad utilizando productos de \u00faltima generaci\u00f3n.<\/p>\n\n<\/div>\n<\/div><\/div>\n\n<div class=\"gb-grid-column gb-grid-column-32f581b1\"><div class=\"gb-container gb-container-32f581b1\">\n\n<figure class=\"gb-block-image gb-block-image-7f2be322\"><img decoding=\"async\" class=\"gb-image gb-image-7f2be322\" src=\"https:\/\/qparadis.com\/wp-content\/uploads\/2023\/04\/QPARADIS_icon-manteniment-1.svg\" alt=\"\" title=\"QPARADIS_icon-mantenimiento\"\/><\/figure>\n\n\n<div class=\"gb-container gb-container-a31c828a\">\n\n<h4 class=\"gb-headline gb-headline-0eb4bc3b gb-headline-text\">mantenimiento<\/h4>\n\n\n\n<p>Con un adecuado mantenimiento alarga la vida \u00fatil de su vivienda.<\/p>\n\n<\/div>\n<\/div><\/div>\n<\/div>\n<\/div><\/div>\n<\/div>\n<\/div>\n<\/div>","protected":false},"featured_media":250970,"template":"","tipologia":[70,71,54,69,52,66],"class_list":["post-251035","projectes","type-projectes","status-publish","has-post-thumbnail","hentry","tipologia-aillament-termic","tipologia-coberta","tipologia-impermeabilitzacio","tipologia-inici","tipologia-nau-industrial","tipologia-parquing"],"acf":[],"yoast_head":"<!-- This site is optimized with the Yoast SEO plugin v27.5 - https:\/\/yoast.com\/product\/yoast-seo-wordpress\/ -->\n<title>Ampliaci\u00f3 Centre Comercial Gran Jonquera - QParadis Solucions Constructives<\/title>\n<meta name=\"robots\" content=\"index, follow, max-snippet:-1, max-image-preview:large, max-video-preview:-1\" \/>\n<link rel=\"canonical\" href=\"https:\/\/qparadis.com\/es\/proyectos\/ampliacio-centre-comercial-gran-jonquera\/\" \/>\n<meta property=\"og:locale\" content=\"es_ES\" \/>\n<meta property=\"og:type\" content=\"article\" \/>\n<meta property=\"og:title\" content=\"Ampliaci\u00f3 Centre Comercial Gran Jonquera - QParadis Solucions Constructives\" \/>\n<meta property=\"og:url\" content=\"https:\/\/qparadis.com\/es\/proyectos\/ampliacio-centre-comercial-gran-jonquera\/\" \/>\n<meta property=\"og:site_name\" content=\"QParadis Solucions Constructives\" \/>\n<meta property=\"article:modified_time\" content=\"2024-12-21T11:11:01+00:00\" \/>\n<meta property=\"og:image\" content=\"https:\/\/qparadis.com\/wp-content\/uploads\/2024\/12\/QPARADIS-projecte-ampliacio-gran-jonquera-5.jpg\" \/>\n\t<meta property=\"og:image:width\" content=\"1200\" \/>\n\t<meta property=\"og:image:height\" content=\"800\" \/>\n\t<meta property=\"og:image:type\" content=\"image\/jpeg\" \/>\n<meta name=\"twitter:card\" content=\"summary_large_image\" \/>\n<meta name=\"twitter:label1\" content=\"Tiempo de lectura\" \/>\n\t<meta name=\"twitter:data1\" content=\"8 minutos\" \/>\n<script type=\"application\/ld+json\" class=\"yoast-schema-graph\">{\"@context\":\"https:\\\/\\\/schema.org\",\"@graph\":[{\"@type\":\"WebPage\",\"@id\":\"https:\\\/\\\/qparadis.com\\\/es\\\/proyectos\\\/ampliacio-centre-comercial-gran-jonquera\\\/\",\"url\":\"https:\\\/\\\/qparadis.com\\\/es\\\/proyectos\\\/ampliacio-centre-comercial-gran-jonquera\\\/\",\"name\":\"Ampliaci\u00f3 Centre Comercial Gran Jonquera - QParadis Solucions Constructives\",\"isPartOf\":{\"@id\":\"https:\\\/\\\/qparadis.com\\\/#website\"},\"primaryImageOfPage\":{\"@id\":\"https:\\\/\\\/qparadis.com\\\/es\\\/proyectos\\\/ampliacio-centre-comercial-gran-jonquera\\\/#primaryimage\"},\"image\":{\"@id\":\"https:\\\/\\\/qparadis.com\\\/es\\\/proyectos\\\/ampliacio-centre-comercial-gran-jonquera\\\/#primaryimage\"},\"thumbnailUrl\":\"https:\\\/\\\/qparadis.com\\\/wp-content\\\/uploads\\\/2024\\\/12\\\/QPARADIS-projecte-ampliacio-gran-jonquera-5.jpg\",\"datePublished\":\"2024-12-21T10:27:53+00:00\",\"dateModified\":\"2024-12-21T11:11:01+00:00\",\"breadcrumb\":{\"@id\":\"https:\\\/\\\/qparadis.com\\\/es\\\/proyectos\\\/ampliacio-centre-comercial-gran-jonquera\\\/#breadcrumb\"},\"inLanguage\":\"es\",\"potentialAction\":[{\"@type\":\"ReadAction\",\"target\":[\"https:\\\/\\\/qparadis.com\\\/es\\\/proyectos\\\/ampliacio-centre-comercial-gran-jonquera\\\/\"]}]},{\"@type\":\"ImageObject\",\"inLanguage\":\"es\",\"@id\":\"https:\\\/\\\/qparadis.com\\\/es\\\/proyectos\\\/ampliacio-centre-comercial-gran-jonquera\\\/#primaryimage\",\"url\":\"https:\\\/\\\/qparadis.com\\\/wp-content\\\/uploads\\\/2024\\\/12\\\/QPARADIS-projecte-ampliacio-gran-jonquera-5.jpg\",\"contentUrl\":\"https:\\\/\\\/qparadis.com\\\/wp-content\\\/uploads\\\/2024\\\/12\\\/QPARADIS-projecte-ampliacio-gran-jonquera-5.jpg\",\"width\":1200,\"height\":800},{\"@type\":\"BreadcrumbList\",\"@id\":\"https:\\\/\\\/qparadis.com\\\/es\\\/proyectos\\\/ampliacio-centre-comercial-gran-jonquera\\\/#breadcrumb\",\"itemListElement\":[{\"@type\":\"ListItem\",\"position\":1,\"name\":\"Inici\",\"item\":\"https:\\\/\\\/qparadis.com\\\/\"},{\"@type\":\"ListItem\",\"position\":2,\"name\":\"Ampliaci\u00f3 Centre Comercial Gran Jonquera\"}]},{\"@type\":\"WebSite\",\"@id\":\"https:\\\/\\\/qparadis.com\\\/#website\",\"url\":\"https:\\\/\\\/qparadis.com\\\/\",\"name\":\"QParad\u00eds\",\"description\":\"Impermeabilitzaci\u00f3 | Rehabilitaci\u00f3 | Treballs verticals\",\"publisher\":{\"@id\":\"https:\\\/\\\/qparadis.com\\\/#organization\"},\"potentialAction\":[{\"@type\":\"SearchAction\",\"target\":{\"@type\":\"EntryPoint\",\"urlTemplate\":\"https:\\\/\\\/qparadis.com\\\/?s={search_term_string}\"},\"query-input\":{\"@type\":\"PropertyValueSpecification\",\"valueRequired\":true,\"valueName\":\"search_term_string\"}}],\"inLanguage\":\"es\"},{\"@type\":\"Organization\",\"@id\":\"https:\\\/\\\/qparadis.com\\\/#organization\",\"name\":\"Impermealia\",\"url\":\"https:\\\/\\\/qparadis.com\\\/\",\"logo\":{\"@type\":\"ImageObject\",\"inLanguage\":\"es\",\"@id\":\"https:\\\/\\\/qparadis.com\\\/#\\\/schema\\\/logo\\\/image\\\/\",\"url\":\"https:\\\/\\\/qparadis.com\\\/wp-content\\\/uploads\\\/2017\\\/05\\\/QPARADIS_icone.png\",\"contentUrl\":\"https:\\\/\\\/qparadis.com\\\/wp-content\\\/uploads\\\/2017\\\/05\\\/QPARADIS_icone.png\",\"width\":165,\"height\":135,\"caption\":\"Impermealia\"},\"image\":{\"@id\":\"https:\\\/\\\/qparadis.com\\\/#\\\/schema\\\/logo\\\/image\\\/\"},\"sameAs\":[\"https:\\\/\\\/www.linkedin.com\\\/company\\\/qparad\u00eds-solucion-t\u00e8cniques-aplicades\",\"https:\\\/\\\/www.youtube.com\\\/channel\\\/UCjF4Q0HSa2Y8EWUhWPVUozA\"]}]}<\/script>\n<!-- \/ Yoast SEO plugin. -->","yoast_head_json":{"title":"Ampliaci\u00f3 Centre Comercial Gran Jonquera - QParadis Solucions Constructives","robots":{"index":"index","follow":"follow","max-snippet":"max-snippet:-1","max-image-preview":"max-image-preview:large","max-video-preview":"max-video-preview:-1"},"canonical":"https:\/\/qparadis.com\/es\/proyectos\/ampliacio-centre-comercial-gran-jonquera\/","og_locale":"es_ES","og_type":"article","og_title":"Ampliaci\u00f3 Centre Comercial Gran Jonquera - QParadis Solucions Constructives","og_url":"https:\/\/qparadis.com\/es\/proyectos\/ampliacio-centre-comercial-gran-jonquera\/","og_site_name":"QParadis Solucions Constructives","article_modified_time":"2024-12-21T11:11:01+00:00","og_image":[{"width":1200,"height":800,"url":"https:\/\/qparadis.com\/wp-content\/uploads\/2024\/12\/QPARADIS-projecte-ampliacio-gran-jonquera-5.jpg","type":"image\/jpeg"}],"twitter_card":"summary_large_image","twitter_misc":{"Tiempo de lectura":"8 minutos"},"schema":{"@context":"https:\/\/schema.org","@graph":[{"@type":"WebPage","@id":"https:\/\/qparadis.com\/es\/proyectos\/ampliacio-centre-comercial-gran-jonquera\/","url":"https:\/\/qparadis.com\/es\/proyectos\/ampliacio-centre-comercial-gran-jonquera\/","name":"Ampliaci\u00f3 Centre Comercial Gran Jonquera - QParadis Solucions Constructives","isPartOf":{"@id":"https:\/\/qparadis.com\/#website"},"primaryImageOfPage":{"@id":"https:\/\/qparadis.com\/es\/proyectos\/ampliacio-centre-comercial-gran-jonquera\/#primaryimage"},"image":{"@id":"https:\/\/qparadis.com\/es\/proyectos\/ampliacio-centre-comercial-gran-jonquera\/#primaryimage"},"thumbnailUrl":"https:\/\/qparadis.com\/wp-content\/uploads\/2024\/12\/QPARADIS-projecte-ampliacio-gran-jonquera-5.jpg","datePublished":"2024-12-21T10:27:53+00:00","dateModified":"2024-12-21T11:11:01+00:00","breadcrumb":{"@id":"https:\/\/qparadis.com\/es\/proyectos\/ampliacio-centre-comercial-gran-jonquera\/#breadcrumb"},"inLanguage":"es","potentialAction":[{"@type":"ReadAction","target":["https:\/\/qparadis.com\/es\/proyectos\/ampliacio-centre-comercial-gran-jonquera\/"]}]},{"@type":"ImageObject","inLanguage":"es","@id":"https:\/\/qparadis.com\/es\/proyectos\/ampliacio-centre-comercial-gran-jonquera\/#primaryimage","url":"https:\/\/qparadis.com\/wp-content\/uploads\/2024\/12\/QPARADIS-projecte-ampliacio-gran-jonquera-5.jpg","contentUrl":"https:\/\/qparadis.com\/wp-content\/uploads\/2024\/12\/QPARADIS-projecte-ampliacio-gran-jonquera-5.jpg","width":1200,"height":800},{"@type":"BreadcrumbList","@id":"https:\/\/qparadis.com\/es\/proyectos\/ampliacio-centre-comercial-gran-jonquera\/#breadcrumb","itemListElement":[{"@type":"ListItem","position":1,"name":"Inici","item":"https:\/\/qparadis.com\/"},{"@type":"ListItem","position":2,"name":"Ampliaci\u00f3 Centre Comercial Gran Jonquera"}]},{"@type":"WebSite","@id":"https:\/\/qparadis.com\/#website","url":"https:\/\/qparadis.com\/","name":"QParad\u00eds","description":"Impermeabilizaci\u00f3n | Rehabilitaci\u00f3n | Trabajos verticales","publisher":{"@id":"https:\/\/qparadis.com\/#organization"},"potentialAction":[{"@type":"SearchAction","target":{"@type":"EntryPoint","urlTemplate":"https:\/\/qparadis.com\/?s={search_term_string}"},"query-input":{"@type":"PropertyValueSpecification","valueRequired":true,"valueName":"search_term_string"}}],"inLanguage":"es"},{"@type":"Organization","@id":"https:\/\/qparadis.com\/#organization","name":"Impermealia","url":"https:\/\/qparadis.com\/","logo":{"@type":"ImageObject","inLanguage":"es","@id":"https:\/\/qparadis.com\/#\/schema\/logo\/image\/","url":"https:\/\/qparadis.com\/wp-content\/uploads\/2017\/05\/QPARADIS_icone.png","contentUrl":"https:\/\/qparadis.com\/wp-content\/uploads\/2017\/05\/QPARADIS_icone.png","width":165,"height":135,"caption":"Impermealia"},"image":{"@id":"https:\/\/qparadis.com\/#\/schema\/logo\/image\/"},"sameAs":["https:\/\/www.linkedin.com\/company\/qparad\u00eds-solucion-t\u00e8cniques-aplicades","https:\/\/www.youtube.com\/channel\/UCjF4Q0HSa2Y8EWUhWPVUozA"]}]}},"_links":{"self":[{"href":"https:\/\/qparadis.com\/es\/wp-json\/wp\/v2\/projectes\/251035","targetHints":{"allow":["GET"]}}],"collection":[{"href":"https:\/\/qparadis.com\/es\/wp-json\/wp\/v2\/projectes"}],"about":[{"href":"https:\/\/qparadis.com\/es\/wp-json\/wp\/v2\/types\/projectes"}],"wp:featuredmedia":[{"embeddable":true,"href":"https:\/\/qparadis.com\/es\/wp-json\/wp\/v2\/media\/250970"}],"wp:attachment":[{"href":"https:\/\/qparadis.com\/es\/wp-json\/wp\/v2\/media?parent=251035"}],"wp:term":[{"taxonomy":"tipologia","embeddable":true,"href":"https:\/\/qparadis.com\/es\/wp-json\/wp\/v2\/tipologia?post=251035"}],"curies":[{"name":"wp","href":"https:\/\/api.w.org\/{rel}","templated":true}]}}